{"version":"1.0","provider_name":"NewsMaker","provider_url":"https:\/\/newsmaker.md\/ro","author_name":"Mihaela Conovali","author_url":"https:\/\/newsmaker.md\/ro\/author\/conovali","title":"Air Moldova aten\u021bioneaz\u0103\u00a0despre anularea \u0219i re\u021binerea zborurilor","type":"rich","width":600,"height":338,"html":"<blockquote class=\"wp-embedded-content\" data-secret=\"uibm619f9S\"><a href=\"https:\/\/newsmaker.md\/ro\/air-moldova-atentioneaza-despre-anularea-sau-retinerea-zborurilor\">Air Moldova aten\u021bioneaz\u0103\u00a0despre anularea \u0219i re\u021binerea zborurilor<\/a><\/blockquote><iframe sandbox=\"allow-scripts\" security=\"restricted\" src=\"https:\/\/newsmaker.md\/ro\/air-moldova-atentioneaza-despre-anularea-sau-retinerea-zborurilor\/embed#?secret=uibm619f9S\" width=\"600\" height=\"338\" title=\"&#8222;Air Moldova aten\u021bioneaz\u0103\u00a0despre anularea \u0219i re\u021binerea zborurilor&#8221; &#8211; NewsMaker\" data-secret=\"uibm619f9S\" frameborder=\"0\" marginwidth=\"0\" marginheight=\"0\" scrolling=\"no\" class=\"wp-embedded-content\"><\/iframe><script>\n\/*! This file is auto-generated *\/\n!function(d,l){\"use strict\";l.querySelector&&d.addEventListener&&\"undefined\"!=typeof URL&&(d.wp=d.wp||{},d.wp.receiveEmbedMessage||(d.wp.receiveEmbedMessage=function(e){var t=e.data;if((t||t.secret||t.message||t.value)&&!\/[^a-zA-Z0-9]\/.test(t.secret)){for(var s,r,n,a=l.querySelectorAll('iframe[data-secret=\"'+t.secret+'\"]'),o=l.querySelectorAll('blockquote[data-secret=\"'+t.secret+'\"]'),c=new RegExp(\"^https?:$\",\"i\"),i=0;i<o.length;i++)o[i].style.display=\"none\";for(i=0;i<a.length;i++)s=a[i],e.source===s.contentWindow&&(s.removeAttribute(\"style\"),\"height\"===t.message?(1e3<(r=parseInt(t.value,10))?r=1e3:~~r<200&&(r=200),s.height=r):\"link\"===t.message&&(r=new URL(s.getAttribute(\"src\")),n=new URL(t.value),c.test(n.protocol))&&n.host===r.host&&l.activeElement===s&&(d.top.location.href=t.value))}},d.addEventListener(\"message\",d.wp.receiveEmbedMessage,!1),l.addEventListener(\"DOMContentLoaded\",function(){for(var e,t,s=l.querySelectorAll(\"iframe.wp-embedded-content\"),r=0;r<s.length;r++)(t=(e=s[r]).getAttribute(\"data-secret\"))||(t=Math.random().toString(36).substring(2,12),e.src+=\"#?secret=\"+t,e.setAttribute(\"data-secret\",t)),e.contentWindow.postMessage({message:\"ready\",secret:t},\"*\")},!1)))}(window,document);\n<\/script>\n","thumbnail_url":"https:\/\/newsmaker.md\/wp-content\/uploads\/2019\/02\/DSC5636-Copy-5.jpg","thumbnail_width":800,"thumbnail_height":499,"description":"Compania aerian\u0103 Air Moldova anun\u021b\u0103 c\u0103 alertele cu bomb\u0103 de la Aeroportul Interna\u021bional Chi\u0219in\u0103u \u00eei \u00eempiedic\u0103 activitatea. Astfel, reprezentan\u021bii companiei declar\u0103 c\u0103 sunt obliga\u021bi s\u0103 anuleze sau s\u0103 re\u021bin\u0103 zborurile planificate.\u00a0 Air Moldova spune c\u0103 la Aeroportul Interna\u021bional Chi\u0219in\u0103u &#8222;s-a creat un\u00a0haos&#8221;, care \u00eei oblig\u0103 s\u0103 anuleze sau s\u0103 re\u021bin\u0103 zborurile. &#8222;Alertele zilnice, consecutive, re\u021bin [&hellip;]"}