{"version":"1.0","provider_name":"NewsMaker","provider_url":"https:\/\/newsmaker.md\/ro","author_name":"Dumitru Petruleac","author_url":"https:\/\/newsmaker.md\/ro\/author\/petruleac","title":"Incendiu la o saun\u0103 din Durle\u0219ti. Preciz\u0103rile IGSU","type":"rich","width":600,"height":338,"html":"<blockquote class=\"wp-embedded-content\" data-secret=\"v3Mg5BoMHl\"><a href=\"https:\/\/newsmaker.md\/ro\/incendiu-la-o-sauna-din-durlesti-precizarile-igsu\">Incendiu la o saun\u0103 din Durle\u0219ti. Preciz\u0103rile IGSU<\/a><\/blockquote><iframe sandbox=\"allow-scripts\" security=\"restricted\" src=\"https:\/\/newsmaker.md\/ro\/incendiu-la-o-sauna-din-durlesti-precizarile-igsu\/embed#?secret=v3Mg5BoMHl\" width=\"600\" height=\"338\" title=\"&#8222;Incendiu la o saun\u0103 din Durle\u0219ti. Preciz\u0103rile IGSU&#8221; &#8211; NewsMaker\" data-secret=\"v3Mg5BoMHl\" frameborder=\"0\" marginwidth=\"0\" marginheight=\"0\" scrolling=\"no\" class=\"wp-embedded-content\"><\/iframe><script>\n\/*! This file is auto-generated *\/\n!function(d,l){\"use strict\";l.querySelector&&d.addEventListener&&\"undefined\"!=typeof URL&&(d.wp=d.wp||{},d.wp.receiveEmbedMessage||(d.wp.receiveEmbedMessage=function(e){var t=e.data;if((t||t.secret||t.message||t.value)&&!\/[^a-zA-Z0-9]\/.test(t.secret)){for(var s,r,n,a=l.querySelectorAll('iframe[data-secret=\"'+t.secret+'\"]'),o=l.querySelectorAll('blockquote[data-secret=\"'+t.secret+'\"]'),c=new RegExp(\"^https?:$\",\"i\"),i=0;i<o.length;i++)o[i].style.display=\"none\";for(i=0;i<a.length;i++)s=a[i],e.source===s.contentWindow&&(s.removeAttribute(\"style\"),\"height\"===t.message?(1e3<(r=parseInt(t.value,10))?r=1e3:~~r<200&&(r=200),s.height=r):\"link\"===t.message&&(r=new URL(s.getAttribute(\"src\")),n=new URL(t.value),c.test(n.protocol))&&n.host===r.host&&l.activeElement===s&&(d.top.location.href=t.value))}},d.addEventListener(\"message\",d.wp.receiveEmbedMessage,!1),l.addEventListener(\"DOMContentLoaded\",function(){for(var e,t,s=l.querySelectorAll(\"iframe.wp-embedded-content\"),r=0;r<s.length;r++)(t=(e=s[r]).getAttribute(\"data-secret\"))||(t=Math.random().toString(36).substring(2,12),e.src+=\"#?secret=\"+t,e.setAttribute(\"data-secret\",t)),e.contentWindow.postMessage({message:\"ready\",secret:t},\"*\")},!1)))}(window,document);\n<\/script>\n","thumbnail_url":"https:\/\/newsmaker.md\/wp-content\/uploads\/2025\/10\/snimok-ekrana-2025-10-28-204010.jpg","thumbnail_width":806,"thumbnail_height":458,"description":"Un incendiu a izbucnit \u00een aceast\u0103 sear\u0103 la o saun\u0103 din Durle\u0219ti. Informa\u021bia a fost confirmat\u0103 pentru NewsMaker de c\u0103tre purt\u0103toarea de cuv\u00e2nt a Inspectoratului General pentru Situa\u021bii de Urgen\u021b\u0103 IGSU, Liliana Pu\u0219ca\u0219u. Potrivit acesteia, la fa\u021ba locului intervin trei echipaje de pompieri pentru a lichida focul. P\u00e2n\u0103 \u00een prezent, nu au fost raportate victime. [&hellip;]"}