{"version":"1.0","provider_name":"NewsMaker","provider_url":"https:\/\/newsmaker.md\/ro","author_name":"Maxim Stratan","author_url":"https:\/\/newsmaker.md\/ro\/author\/stratan","title":"VIDEO Zeci de persoane protesteaz\u0103 \u00een fa\u021ba guvernului. Printre ace\u0219tia sunt muzicieni \u0219i arti\u0219ti","type":"rich","width":600,"height":338,"html":"<blockquote class=\"wp-embedded-content\" data-secret=\"oTpC6pvgN7\"><a href=\"https:\/\/newsmaker.md\/ro\/live-zeci-de-persoane-protesteaza-in-fata-guvernului\">VIDEO Zeci de persoane protesteaz\u0103 \u00een fa\u021ba guvernului. Printre ace\u0219tia sunt muzicieni \u0219i arti\u0219ti<\/a><\/blockquote><iframe sandbox=\"allow-scripts\" security=\"restricted\" src=\"https:\/\/newsmaker.md\/ro\/live-zeci-de-persoane-protesteaza-in-fata-guvernului\/embed#?secret=oTpC6pvgN7\" width=\"600\" height=\"338\" title=\"&#8222;VIDEO Zeci de persoane protesteaz\u0103 \u00een fa\u021ba guvernului. Printre ace\u0219tia sunt muzicieni \u0219i arti\u0219ti&#8221; &#8211; NewsMaker\" data-secret=\"oTpC6pvgN7\" frameborder=\"0\" marginwidth=\"0\" marginheight=\"0\" scrolling=\"no\" class=\"wp-embedded-content\"><\/iframe><script>\n\/*! This file is auto-generated *\/\n!function(d,l){\"use strict\";l.querySelector&&d.addEventListener&&\"undefined\"!=typeof URL&&(d.wp=d.wp||{},d.wp.receiveEmbedMessage||(d.wp.receiveEmbedMessage=function(e){var t=e.data;if((t||t.secret||t.message||t.value)&&!\/[^a-zA-Z0-9]\/.test(t.secret)){for(var s,r,n,a=l.querySelectorAll('iframe[data-secret=\"'+t.secret+'\"]'),o=l.querySelectorAll('blockquote[data-secret=\"'+t.secret+'\"]'),c=new RegExp(\"^https?:$\",\"i\"),i=0;i<o.length;i++)o[i].style.display=\"none\";for(i=0;i<a.length;i++)s=a[i],e.source===s.contentWindow&&(s.removeAttribute(\"style\"),\"height\"===t.message?(1e3<(r=parseInt(t.value,10))?r=1e3:~~r<200&&(r=200),s.height=r):\"link\"===t.message&&(r=new URL(s.getAttribute(\"src\")),n=new URL(t.value),c.test(n.protocol))&&n.host===r.host&&l.activeElement===s&&(d.top.location.href=t.value))}},d.addEventListener(\"message\",d.wp.receiveEmbedMessage,!1),l.addEventListener(\"DOMContentLoaded\",function(){for(var e,t,s=l.querySelectorAll(\"iframe.wp-embedded-content\"),r=0;r<s.length;r++)(t=(e=s[r]).getAttribute(\"data-secret\"))||(t=Math.random().toString(36).substring(2,12),e.src+=\"#?secret=\"+t,e.setAttribute(\"data-secret\",t)),e.contentWindow.postMessage({message:\"ready\",secret:t},\"*\")},!1)))}(window,document);\n<\/script>\n","thumbnail_url":"https:\/\/newsmaker.md\/wp-content\/uploads\/2019\/07\/12795196_935647023220733_4747618483508385226_o-1.jpg","thumbnail_width":1440,"thumbnail_height":960,"description":"Zeci de persoane protesteaz\u0103 \u00een fa\u021ba cl\u0103dirii guvernului, ast\u0103zi, 21 iulie. Printre ace\u0219tia sunt muzicieni \u0219i arti\u0219ti. \u201eNoi am venit s\u0103 ne cerem dreptul de a lucra. Avem familii pe care trebuie s\u0103 le \u00eentre\u021binem\u201d, a declarat unul dintre manifestan\u021bi. \u201eDac\u0103 suntem \u00een acest\u0103 pandemie, de ce toate cluburile lucreaz\u0103, terasele sunt pline, dar nu [&hellip;]"}