{"version":"1.0","provider_name":"NewsMaker","provider_url":"https:\/\/newsmaker.md\/ro","author_name":"Iana Romanescu","author_url":"https:\/\/newsmaker.md\/ro\/author\/romanescu","title":"Partenerii externi sprijin\u0103 consolidarea rezilien\u021bei R. Moldova","type":"rich","width":600,"height":338,"html":"<blockquote class=\"wp-embedded-content\" data-secret=\"Iv9FJud7vW\"><a href=\"https:\/\/newsmaker.md\/ro\/partenerii-externi-sprijina-consolidarea-rezilientei-r-moldova-3\">Partenerii externi sprijin\u0103 consolidarea rezilien\u021bei R. Moldova<\/a><\/blockquote><iframe sandbox=\"allow-scripts\" security=\"restricted\" src=\"https:\/\/newsmaker.md\/ro\/partenerii-externi-sprijina-consolidarea-rezilientei-r-moldova-3\/embed#?secret=Iv9FJud7vW\" width=\"600\" height=\"338\" title=\"&#8222;Partenerii externi sprijin\u0103 consolidarea rezilien\u021bei R. Moldova&#8221; &#8211; NewsMaker\" data-secret=\"Iv9FJud7vW\" frameborder=\"0\" marginwidth=\"0\" marginheight=\"0\" scrolling=\"no\" class=\"wp-embedded-content\"><\/iframe><script>\n\/*! This file is auto-generated *\/\n!function(d,l){\"use strict\";l.querySelector&&d.addEventListener&&\"undefined\"!=typeof URL&&(d.wp=d.wp||{},d.wp.receiveEmbedMessage||(d.wp.receiveEmbedMessage=function(e){var t=e.data;if((t||t.secret||t.message||t.value)&&!\/[^a-zA-Z0-9]\/.test(t.secret)){for(var s,r,n,a=l.querySelectorAll('iframe[data-secret=\"'+t.secret+'\"]'),o=l.querySelectorAll('blockquote[data-secret=\"'+t.secret+'\"]'),c=new RegExp(\"^https?:$\",\"i\"),i=0;i<o.length;i++)o[i].style.display=\"none\";for(i=0;i<a.length;i++)s=a[i],e.source===s.contentWindow&&(s.removeAttribute(\"style\"),\"height\"===t.message?(1e3<(r=parseInt(t.value,10))?r=1e3:~~r<200&&(r=200),s.height=r):\"link\"===t.message&&(r=new URL(s.getAttribute(\"src\")),n=new URL(t.value),c.test(n.protocol))&&n.host===r.host&&l.activeElement===s&&(d.top.location.href=t.value))}},d.addEventListener(\"message\",d.wp.receiveEmbedMessage,!1),l.addEventListener(\"DOMContentLoaded\",function(){for(var e,t,s=l.querySelectorAll(\"iframe.wp-embedded-content\"),r=0;r<s.length;r++)(t=(e=s[r]).getAttribute(\"data-secret\"))||(t=Math.random().toString(36).substring(2,12),e.src+=\"#?secret=\"+t,e.setAttribute(\"data-secret\",t)),e.contentWindow.postMessage({message:\"ready\",secret:t},\"*\")},!1)))}(window,document);\n<\/script>\n","thumbnail_url":"https:\/\/newsmaker.md\/wp-content\/uploads\/2024\/03\/5.-newsmaker.md-750x530-cover-2-resizes-ro.png","thumbnail_width":750,"thumbnail_height":530,"description":"Ast\u0103zi, ca\u00a0niciodat\u0103, Moldova are pe\u00a0cine miza \u00een\u00a0procesul de\u00a0dezvoltare a\u00a0unei societ\u0103\u021bi democratice, moderne, reziliente \u0219i\u00a0sigure. Dac\u0103 vom fi\u00a0uni\u021bi \u0219i\u00a0responsabili, vom beneficia din plin de\u00a0aceast\u0103 oportunitate istoric\u0103. \u00cen\u00a0numele viitorului \u021b\u0103rii \u0219i\u00a0al\u00a0genera\u021biilor care urmeaz\u0103. Ambasadoarea campaniei \u00abto\u021bi pentru Moldova!\u00bb Stela Dodu, medic obstetrician ginecolog, \u0219efa sec\u021biei Obstretical\u0103 nr.\u00a03, IMSP Spitalul Clinic Municipal Nr.1 din Chi\u0219in\u0103u \u00abPentru un\u00a0medic obstetrician [&hellip;]"}