{"version":"1.0","provider_name":"NewsMaker","provider_url":"https:\/\/newsmaker.md\/ro","author_name":"Iana Golovatiuk","author_url":"https:\/\/newsmaker.md\/ro\/author\/golovatiuk","title":"(VIDEO) 40 de lei pe or\u0103 \u0219i 150 de locuri: la Moldexpo vor fi amenajate parc\u0103ri cu plat\u0103","type":"rich","width":600,"height":338,"html":"<blockquote class=\"wp-embedded-content\" data-secret=\"gpWP7bt9Ld\"><a href=\"https:\/\/newsmaker.md\/ro\/video-170\">(VIDEO) 40 de lei pe or\u0103 \u0219i 150 de locuri: la Moldexpo vor fi amenajate parc\u0103ri cu plat\u0103<\/a><\/blockquote><iframe sandbox=\"allow-scripts\" security=\"restricted\" src=\"https:\/\/newsmaker.md\/ro\/video-170\/embed#?secret=gpWP7bt9Ld\" width=\"600\" height=\"338\" title=\"&#8222;(VIDEO) 40 de lei pe or\u0103 \u0219i 150 de locuri: la Moldexpo vor fi amenajate parc\u0103ri cu plat\u0103&#8221; &#8211; NewsMaker\" data-secret=\"gpWP7bt9Ld\" frameborder=\"0\" marginwidth=\"0\" marginheight=\"0\" scrolling=\"no\" class=\"wp-embedded-content\"><\/iframe><script>\n\/*! This file is auto-generated *\/\n!function(d,l){\"use strict\";l.querySelector&&d.addEventListener&&\"undefined\"!=typeof URL&&(d.wp=d.wp||{},d.wp.receiveEmbedMessage||(d.wp.receiveEmbedMessage=function(e){var t=e.data;if((t||t.secret||t.message||t.value)&&!\/[^a-zA-Z0-9]\/.test(t.secret)){for(var s,r,n,a=l.querySelectorAll('iframe[data-secret=\"'+t.secret+'\"]'),o=l.querySelectorAll('blockquote[data-secret=\"'+t.secret+'\"]'),c=new RegExp(\"^https?:$\",\"i\"),i=0;i<o.length;i++)o[i].style.display=\"none\";for(i=0;i<a.length;i++)s=a[i],e.source===s.contentWindow&&(s.removeAttribute(\"style\"),\"height\"===t.message?(1e3<(r=parseInt(t.value,10))?r=1e3:~~r<200&&(r=200),s.height=r):\"link\"===t.message&&(r=new URL(s.getAttribute(\"src\")),n=new URL(t.value),c.test(n.protocol))&&n.host===r.host&&l.activeElement===s&&(d.top.location.href=t.value))}},d.addEventListener(\"message\",d.wp.receiveEmbedMessage,!1),l.addEventListener(\"DOMContentLoaded\",function(){for(var e,t,s=l.querySelectorAll(\"iframe.wp-embedded-content\"),r=0;r<s.length;r++)(t=(e=s[r]).getAttribute(\"data-secret\"))||(t=Math.random().toString(36).substring(2,12),e.src+=\"#?secret=\"+t,e.setAttribute(\"data-secret\",t)),e.contentWindow.postMessage({message:\"ready\",secret:t},\"*\")},!1)))}(window,document);\n<\/script>\n","thumbnail_url":"https:\/\/newsmaker.md\/wp-content\/uploads\/2026\/08\/ro-vox-3-4.jpg","thumbnail_width":1280,"thumbnail_height":720,"description":"Pe teritoriul Moldexpo din Chi\u0219in\u0103u vor fi amenajate dou\u0103 parc\u0103ri cu plat\u0103, cu o capacitate total\u0103 de aproximativ 150 de ma\u0219ini. Lucr\u0103rile vor \u00eencepe s\u0103pt\u0103m\u00e2na viitoare \u0219i vor dura aproximativ dou\u0103 luni. Prima parcare, cu 70 de locuri, va fi deschis\u0103 p\u00e2n\u0103 la sf\u00e2r\u0219itul lunii septembrie. Tariful nu va dep\u0103\u0219i 40 de lei pe or\u0103, [&hellip;]"}